{"version":"1.0","provider_name":"Kirkelig fellesr\u00e5d i Trondheim","provider_url":"https:\/\/aarsrapport-kfit.no\/2025","title":"Representanter i Kirkelig fellesr\u00e5d i Trondheim 2025 - Kirkelig fellesr\u00e5d i Trondheim","type":"rich","width":600,"height":338,"html":"<blockquote class=\"wp-embedded-content\" data-secret=\"mvOoNkZnjC\"><a href=\"https:\/\/aarsrapport-kfit.no\/2025\/representanter-i-kirkelig-fellesrad-i-trondheim-2024\/\">Representanter i Kirkelig fellesr\u00e5d i Trondheim 2025<\/a><\/blockquote><iframe sandbox=\"allow-scripts\" security=\"restricted\" src=\"https:\/\/aarsrapport-kfit.no\/2025\/representanter-i-kirkelig-fellesrad-i-trondheim-2024\/embed\/#?secret=mvOoNkZnjC\" width=\"600\" height=\"338\" title=\"&laquo;Representanter i Kirkelig fellesr\u00e5d i Trondheim 2025&raquo; &#8212; Kirkelig fellesr\u00e5d i Trondheim\" data-secret=\"mvOoNkZnjC\" frameborder=\"0\" marginwidth=\"0\" marginheight=\"0\" scrolling=\"no\" class=\"wp-embedded-content\"><\/iframe><script type=\"text\/javascript\">\n\/* <![CDATA[ *\/\n\/*! This file is auto-generated *\/\n!function(d,l){\"use strict\";l.querySelector&&d.addEventListener&&\"undefined\"!=typeof URL&&(d.wp=d.wp||{},d.wp.receiveEmbedMessage||(d.wp.receiveEmbedMessage=function(e){var t=e.data;if((t||t.secret||t.message||t.value)&&!\/[^a-zA-Z0-9]\/.test(t.secret)){for(var s,r,n,a=l.querySelectorAll('iframe[data-secret=\"'+t.secret+'\"]'),o=l.querySelectorAll('blockquote[data-secret=\"'+t.secret+'\"]'),c=new RegExp(\"^https?:$\",\"i\"),i=0;i<o.length;i++)o[i].style.display=\"none\";for(i=0;i<a.length;i++)s=a[i],e.source===s.contentWindow&&(s.removeAttribute(\"style\"),\"height\"===t.message?(1e3<(r=parseInt(t.value,10))?r=1e3:~~r<200&&(r=200),s.height=r):\"link\"===t.message&&(r=new URL(s.getAttribute(\"src\")),n=new URL(t.value),c.test(n.protocol))&&n.host===r.host&&l.activeElement===s&&(d.top.location.href=t.value))}},d.addEventListener(\"message\",d.wp.receiveEmbedMessage,!1),l.addEventListener(\"DOMContentLoaded\",function(){for(var e,t,s=l.querySelectorAll(\"iframe.wp-embedded-content\"),r=0;r<s.length;r++)(t=(e=s[r]).getAttribute(\"data-secret\"))||(t=Math.random().toString(36).substring(2,12),e.src+=\"#?secret=\"+t,e.setAttribute(\"data-secret\",t)),e.contentWindow.postMessage({message:\"ready\",secret:t},\"*\")},!1)))}(window,document);\n\/* ]]> *\/\n<\/script>\n","thumbnail_url":"https:\/\/aarsrapport-kfit.no\/2025\/wp-content\/uploads\/2026\/03\/adobestock-358562219-1024x683.jpeg","thumbnail_width":1024,"thumbnail_height":683,"description":"Odd Anders With Leder Tore Steen Nestleder menighet \/virksomhet representant Bakklandet og Lademoen Hilde Hov Lauritzen Berg Einar V\u00e6rnes Byneset og Leinstrand Lars Engen By\u00e5sen Odd Anders With Heimdal Ragnar Elveseter Ilen Janne Lea Maliks Kl\u00e6bu Tore Steen Kolstad Trond Nordvik Lade Kristin Helset Nidaros domkirke sokn Siri Wahl-Olsen Nidelven Eiv Rindal Ranheim og Charlottenlund [&hellip;]"}